{"id":958,"date":"2023-01-22T23:41:10","date_gmt":"2023-01-23T05:41:10","guid":{"rendered":"https:\/\/executivecoach.com.mx\/?page_id=958"},"modified":"2025-01-27T20:02:50","modified_gmt":"2025-01-28T02:02:50","slug":"acondicionamiento-mental","status":"publish","type":"page","link":"https:\/\/executivecoach.com.mx\/en\/acondicionamiento-mental\/","title":{"rendered":"Acondicionamiento Mental"},"content":{"rendered":"\t\t<div data-elementor-type=\"wp-page\" data-elementor-id=\"958\" class=\"elementor elementor-958\">\n\t\t\t\t\t\t<section class=\"elementor-section elementor-top-section elementor-element elementor-element-bba5af3 elementor-section-boxed elementor-section-height-default elementor-section-height-default\" data-id=\"bba5af3\" data-element_type=\"section\" data-e-type=\"section\">\n\t\t\t\t\t\t<div class=\"elementor-container elementor-column-gap-default\">\n\t\t\t\t\t<div class=\"elementor-column elementor-col-100 elementor-top-column elementor-element elementor-element-27c2003\" data-id=\"27c2003\" data-element_type=\"column\" data-e-type=\"column\">\n\t\t\t<div class=\"elementor-widget-wrap elementor-element-populated\">\n\t\t\t\t\t\t<div class=\"elementor-element elementor-element-b90cca4 elementor-widget elementor-widget-heading\" data-id=\"b90cca4\" data-element_type=\"widget\" data-e-type=\"widget\" data-widget_type=\"heading.default\">\n\t\t\t\t<div class=\"elementor-widget-container\">\n\t\t\t\t\t<h2 class=\"elementor-heading-title elementor-size-default\">Acondicionamiento Mental<\/h2>\t\t\t\t<\/div>\n\t\t\t\t<\/div>\n\t\t\t\t<div class=\"elementor-element elementor-element-dd29def elementor-widget-divider--view-line elementor-widget elementor-widget-divider\" data-id=\"dd29def\" data-element_type=\"widget\" data-e-type=\"widget\" data-widget_type=\"divider.default\">\n\t\t\t\t<div class=\"elementor-widget-container\">\n\t\t\t\t\t\t\t<div class=\"elementor-divider\">\n\t\t\t<span class=\"elementor-divider-separator\">\n\t\t\t\t\t\t<\/span>\n\t\t<\/div>\n\t\t\t\t\t\t<\/div>\n\t\t\t\t<\/div>\n\t\t\t\t\t<\/div>\n\t\t<\/div>\n\t\t\t\t\t<\/div>\n\t\t<\/section>\n\t\t\t\t<section class=\"elementor-section elementor-top-section elementor-element elementor-element-e8fe01d elementor-section-stretched elementor-section-boxed elementor-section-height-default elementor-section-height-default\" data-id=\"e8fe01d\" data-element_type=\"section\" data-e-type=\"section\" data-settings=\"{&quot;stretch_section&quot;:&quot;section-stretched&quot;}\">\n\t\t\t\t\t\t<div class=\"elementor-container elementor-column-gap-default\">\n\t\t\t\t\t<div class=\"elementor-column elementor-col-100 elementor-top-column elementor-element elementor-element-4b2328a\" data-id=\"4b2328a\" data-element_type=\"column\" data-e-type=\"column\">\n\t\t\t<div class=\"elementor-widget-wrap elementor-element-populated\">\n\t\t\t\t\t\t<div class=\"elementor-element elementor-element-a5b16c0 elementor-widget elementor-widget-heading\" data-id=\"a5b16c0\" data-element_type=\"widget\" data-e-type=\"widget\" data-widget_type=\"heading.default\">\n\t\t\t\t<div class=\"elementor-widget-container\">\n\t\t\t\t\t<h4 class=\"elementor-heading-title elementor-size-default\">Nuestras Creencias, las Limitantes y las Habilitadoras<\/h4>\t\t\t\t<\/div>\n\t\t\t\t<\/div>\n\t\t\t\t<div class=\"elementor-element elementor-element-fb57da6 elementor-widget elementor-widget-text-editor\" data-id=\"fb57da6\" data-element_type=\"widget\" data-e-type=\"widget\" data-widget_type=\"text-editor.default\">\n\t\t\t\t<div class=\"elementor-widget-container\">\n\t\t\t\t\t\t\t\t\t<p><span style=\"text-decoration: underline;\">Todos sin excepci\u00f3n<\/span> experimentamos una lucha a nivel mental constante entre nuestras\u00a0<strong>Creencias,<\/strong>\u00a0las\u00a0<strong>Limitantes<\/strong>\u00a0y las <b>Habilitadoras<\/b>\u00a0(nuestros abuelos le llamaban nuestra conciencia). El balance que resulta de esta lucha determina <strong>que tan bueno soy en lo que hago, la calidad de las relaciones interpersonales que mantengo y finalmente el bienestar personal<\/strong>.<\/p><p>Las Creencias Limitantes generan en nosotros algunas de las emociones negativas tales como el estr\u00e9s, la ansiedad, las dudas, el enojo, la culpa y la verg\u00fcenza, y manterer esas <strong>emociones negativas por mucho tiempo no nos ayuda! Tenemos que detenerlas!<\/strong><\/p>\t\t\t\t\t\t\t\t<\/div>\n\t\t\t\t<\/div>\n\t\t\t\t\t<\/div>\n\t\t<\/div>\n\t\t\t\t\t<\/div>\n\t\t<\/section>\n\t\t\t\t<section class=\"elementor-section elementor-top-section elementor-element elementor-element-f6b9724 elementor-reverse-mobile elementor-section-stretched elementor-section-boxed elementor-section-height-default elementor-section-height-default\" data-id=\"f6b9724\" data-element_type=\"section\" data-e-type=\"section\" data-settings=\"{&quot;stretch_section&quot;:&quot;section-stretched&quot;}\">\n\t\t\t\t\t\t<div class=\"elementor-container elementor-column-gap-default\">\n\t\t\t\t\t<div class=\"elementor-column elementor-col-100 elementor-top-column elementor-element elementor-element-3a72d46\" data-id=\"3a72d46\" data-element_type=\"column\" data-e-type=\"column\">\n\t\t\t<div class=\"elementor-widget-wrap elementor-element-populated\">\n\t\t\t\t\t\t<div class=\"elementor-element elementor-element-fc39b66 elementor-widget elementor-widget-text-editor\" data-id=\"fc39b66\" data-element_type=\"widget\" data-e-type=\"widget\" data-widget_type=\"text-editor.default\">\n\t\t\t\t<div class=\"elementor-widget-container\">\n\t\t\t\t\t\t\t\t\t<p><span style=\"font-weight: var( --e-global-typography-text-font-weight ); background-color: var(--nv-site-bg); font-family: var(--bodyfontfamily),var(--nv-fallback-ff); font-size: var(--bodyfontsize); letter-spacing: var(--bodyletterspacing); text-transform: var(--bodytexttransform);\">Nuestras Creencias Limitantes<\/span>\u00a0frecuentemente nos provocan a:<\/p><ul><li data-leveltext=\"\uf0b7\" data-font=\"Symbol\" data-listid=\"2\" data-list-defn-props=\"{&quot;335552541&quot;:1,&quot;335559684&quot;:-2,&quot;335559685&quot;:720,&quot;335559991&quot;:360,&quot;469769226&quot;:&quot;Symbol&quot;,&quot;469769242&quot;:[8226],&quot;469777803&quot;:&quot;left&quot;,&quot;469777804&quot;:&quot;\uf0b7&quot;,&quot;469777815&quot;:&quot;multilevel&quot;}\" aria-setsize=\"-1\" data-aria-posinset=\"1\" data-aria-level=\"1\">Juzgar a otros constantemente, juzgarnos a nosotros mismos.<\/li><li data-leveltext=\"\uf0b7\" data-font=\"Symbol\" data-listid=\"2\" data-list-defn-props=\"{&quot;335552541&quot;:1,&quot;335559684&quot;:-2,&quot;335559685&quot;:720,&quot;335559991&quot;:360,&quot;469769226&quot;:&quot;Symbol&quot;,&quot;469769242&quot;:[8226],&quot;469777803&quot;:&quot;left&quot;,&quot;469777804&quot;:&quot;\uf0b7&quot;,&quot;469777815&quot;:&quot;multilevel&quot;}\" aria-setsize=\"-1\" data-aria-posinset=\"3\" data-aria-level=\"1\">Intentar controlar a otros o las situaciones que vivimos.<\/li><li data-leveltext=\"\uf0b7\" data-font=\"Symbol\" data-listid=\"2\" data-list-defn-props=\"{&quot;335552541&quot;:1,&quot;335559684&quot;:-2,&quot;335559685&quot;:720,&quot;335559991&quot;:360,&quot;469769226&quot;:&quot;Symbol&quot;,&quot;469769242&quot;:[8226],&quot;469777803&quot;:&quot;left&quot;,&quot;469777804&quot;:&quot;\uf0b7&quot;,&quot;469777815&quot;:&quot;multilevel&quot;}\" aria-setsize=\"-1\" data-aria-posinset=\"1\" data-aria-level=\"1\">Decir \u201csi\u201d cuando \u201cno\u201d es una mejor respuesta.\u00a0\u00a0<\/li><li data-leveltext=\"\uf0b7\" data-font=\"Symbol\" data-listid=\"2\" data-list-defn-props=\"{&quot;335552541&quot;:1,&quot;335559684&quot;:-2,&quot;335559685&quot;:720,&quot;335559991&quot;:360,&quot;469769226&quot;:&quot;Symbol&quot;,&quot;469769242&quot;:[8226],&quot;469777803&quot;:&quot;left&quot;,&quot;469777804&quot;:&quot;\uf0b7&quot;,&quot;469777815&quot;:&quot;multilevel&quot;}\" aria-setsize=\"-1\" data-aria-posinset=\"2\" data-aria-level=\"1\">Dejar para despu\u00e9s tareas que luego nos generan m\u00e1s tensi\u00f3n.<\/li><li data-leveltext=\"\uf0b7\" data-font=\"Symbol\" data-listid=\"2\" data-list-defn-props=\"{&quot;335552541&quot;:1,&quot;335559684&quot;:-2,&quot;335559685&quot;:720,&quot;335559991&quot;:360,&quot;469769226&quot;:&quot;Symbol&quot;,&quot;469769242&quot;:[8226],&quot;469777803&quot;:&quot;left&quot;,&quot;469777804&quot;:&quot;\uf0b7&quot;,&quot;469777815&quot;:&quot;multilevel&quot;}\" aria-setsize=\"-1\" data-aria-posinset=\"3\" data-aria-level=\"1\">Evitar conversaciones dif\u00edciles.<\/li><li data-leveltext=\"\uf0b7\" data-font=\"Symbol\" data-listid=\"2\" data-list-defn-props=\"{&quot;335552541&quot;:1,&quot;335559684&quot;:-2,&quot;335559685&quot;:720,&quot;335559991&quot;:360,&quot;469769226&quot;:&quot;Symbol&quot;,&quot;469769242&quot;:[8226],&quot;469777803&quot;:&quot;left&quot;,&quot;469777804&quot;:&quot;\uf0b7&quot;,&quot;469777815&quot;:&quot;multilevel&quot;}\" aria-setsize=\"-1\" data-aria-posinset=\"4\" data-aria-level=\"1\">Frustraciones constantes consigo misma(o), y\/o con otros.<\/li><li data-leveltext=\"\uf0b7\" data-font=\"Symbol\" data-listid=\"2\" data-list-defn-props=\"{&quot;335552541&quot;:1,&quot;335559684&quot;:-2,&quot;335559685&quot;:720,&quot;335559991&quot;:360,&quot;469769226&quot;:&quot;Symbol&quot;,&quot;469769242&quot;:[8226],&quot;469777803&quot;:&quot;left&quot;,&quot;469777804&quot;:&quot;\uf0b7&quot;,&quot;469777815&quot;:&quot;multilevel&quot;}\" aria-setsize=\"-1\" data-aria-posinset=\"5\" data-aria-level=\"1\"><span data-contrast=\"none\">Estr\u00e9s excesivo.<\/span><\/li><\/ul>\t\t\t\t\t\t\t\t<\/div>\n\t\t\t\t<\/div>\n\t\t\t\t\t<\/div>\n\t\t<\/div>\n\t\t\t\t\t<\/div>\n\t\t<\/section>\n\t\t\t\t<section class=\"elementor-section elementor-top-section elementor-element elementor-element-11fbf9c elementor-section-stretched elementor-section-boxed elementor-section-height-default elementor-section-height-default\" data-id=\"11fbf9c\" data-element_type=\"section\" data-e-type=\"section\" data-settings=\"{&quot;stretch_section&quot;:&quot;section-stretched&quot;}\">\n\t\t\t\t\t\t<div class=\"elementor-container elementor-column-gap-default\">\n\t\t\t\t\t<div class=\"elementor-column elementor-col-100 elementor-top-column elementor-element elementor-element-76a85b3\" data-id=\"76a85b3\" data-element_type=\"column\" data-e-type=\"column\">\n\t\t\t<div class=\"elementor-widget-wrap elementor-element-populated\">\n\t\t\t\t\t\t<div class=\"elementor-element elementor-element-9bd9748 elementor-widget elementor-widget-heading\" data-id=\"9bd9748\" data-element_type=\"widget\" data-e-type=\"widget\" data-widget_type=\"heading.default\">\n\t\t\t\t<div class=\"elementor-widget-container\">\n\t\t\t\t\t<h4 class=\"elementor-heading-title elementor-size-default\">Programa de Acondicionamiento Mental<\/h4>\t\t\t\t<\/div>\n\t\t\t\t<\/div>\n\t\t\t\t<div class=\"elementor-element elementor-element-b5692fa elementor-widget elementor-widget-text-editor\" data-id=\"b5692fa\" data-element_type=\"widget\" data-e-type=\"widget\" data-widget_type=\"text-editor.default\">\n\t\t\t\t<div class=\"elementor-widget-container\">\n\t\t\t\t\t\t\t\t\t<p>En mi programa de Coaching se incluyen t\u00e9cnicas para mejorar tu&nbsp;&nbsp;<strong>Acondicionamiento Mental<\/strong>. Al tener un mejor<strong> Acondicionamiento Mental<\/strong>&nbsp;estar\u00e1s mejor preparada(o) para responder de forma m\u00e1s positiva en vez de negativa a cualquier situaci\u00f3n que se te presente y empezar\u00e1s a construir las bases de <span style=\"text-decoration: underline;\"><strong>Acondicionamiento Mental<\/strong><\/span>&nbsp;para establecer un nuevo balance del poder de tus Creencias Limitantes y Habilitadoras para alcanzar y mantener un Nivel de Desempe\u00f1o.<\/p>\t\t\t\t\t\t\t\t<\/div>\n\t\t\t\t<\/div>\n\t\t\t\t\t<\/div>\n\t\t<\/div>\n\t\t\t\t\t<\/div>\n\t\t<\/section>\n\t\t\t\t<section class=\"elementor-section elementor-top-section elementor-element elementor-element-98972f2 elementor-reverse-mobile elementor-section-stretched elementor-section-boxed elementor-section-height-default elementor-section-height-default\" data-id=\"98972f2\" data-element_type=\"section\" data-e-type=\"section\" data-settings=\"{&quot;stretch_section&quot;:&quot;section-stretched&quot;}\">\n\t\t\t\t\t\t<div class=\"elementor-container elementor-column-gap-default\">\n\t\t\t\t\t<div class=\"elementor-column elementor-col-100 elementor-top-column elementor-element elementor-element-8b52c9f\" data-id=\"8b52c9f\" data-element_type=\"column\" data-e-type=\"column\">\n\t\t\t<div class=\"elementor-widget-wrap elementor-element-populated\">\n\t\t\t\t\t\t<div class=\"elementor-element elementor-element-cf89532 elementor-widget elementor-widget-text-editor\" data-id=\"cf89532\" data-element_type=\"widget\" data-e-type=\"widget\" data-widget_type=\"text-editor.default\">\n\t\t\t\t<div class=\"elementor-widget-container\">\n\t\t\t\t\t\t\t\t\t<p>Resultados inmediatos y sostenidos a trav\u00e9s de Acondicionamiento Mental\u00a0<\/p><p><strong>Optimizar desempe\u00f1o\u00a0<\/strong><\/p><ul><li>Administrar la energ\u00eda mental y emocional de forma <span style=\"text-decoration: underline;\">m\u00e1s eficiente<\/span><\/li><li>Mejores resultados del trabajo en equipo<\/li><li>Habilidad para desarrollar a otros\u00a0<\/li><\/ul><p><strong>Mejorar Bienestar y Felicidad\u00a0<\/strong><\/p><ul><li>Mejora el estado de \u00e1nimo<\/li><li>Manejo del estr\u00e9s de forma m\u00e1s positiva<\/li><li>Mejor satisfacci\u00f3n para contigo mismo\u00a0\u00a0<\/li><\/ul><p><strong>Fortalece tus Relaciones Interpersonales\u00a0<\/strong><\/p><ul><li>Mejor manejo de conflictos<\/li><li>Incremento de Empat\u00eda para contigo mismo y con otros\u00a0<\/li><\/ul>\t\t\t\t\t\t\t\t<\/div>\n\t\t\t\t<\/div>\n\t\t\t\t\t<\/div>\n\t\t<\/div>\n\t\t\t\t\t<\/div>\n\t\t<\/section>\n\t\t\t\t<\/div>\n\t\t","protected":false},"excerpt":{"rendered":"<p>Acondicionamiento Mental Nuestras Creencias, las Limitantes y las Habilitadoras Todos sin excepci\u00f3n experimentamos una lucha a nivel mental constante entre nuestras\u00a0Creencias,\u00a0las\u00a0Limitantes\u00a0y las Habilitadoras\u00a0(nuestros abuelos le llamaban nuestra conciencia). El balance que resulta de esta lucha determina que tan bueno soy en lo que hago, la calidad de las relaciones interpersonales que mantengo y finalmente el&hellip;&nbsp;<a href=\"https:\/\/executivecoach.com.mx\/en\/acondicionamiento-mental\/\" rel=\"bookmark\">Read More &raquo;<span class=\"screen-reader-text\">Acondicionamiento Mental<\/span><\/a><\/p>","protected":false},"author":1,"featured_media":0,"parent":0,"menu_order":0,"comment_status":"closed","ping_status":"closed","template":"","meta":{"content-type":"","neve_meta_sidebar":"","neve_meta_container":"","neve_meta_enable_content_width":"","neve_meta_content_width":0,"neve_meta_title_alignment":"","neve_meta_author_avatar":"","neve_post_elements_order":"","neve_meta_disable_header":"","neve_meta_disable_footer":"","neve_meta_disable_title":"on","footnotes":""},"class_list":["post-958","page","type-page","status-publish","hentry"],"yoast_head":"<!-- This site is optimized with the Yoast SEO plugin v27.4 - https:\/\/yoast.com\/product\/yoast-seo-wordpress\/ -->\n<title>Acondicionamiento Mental - Executive Coach<\/title>\n<meta name=\"description\" content=\"Con Mental Fitness fortalecer\u00e1s tu capacidad para responder positivamente y no negativa a los retos que te enfrentes\" \/>\n<meta name=\"robots\" content=\"index, follow, max-snippet:-1, max-image-preview:large, max-video-preview:-1\" \/>\n<link rel=\"canonical\" href=\"https:\/\/executivecoach.com.mx\/en\/acondicionamiento-mental\/\" \/>\n<meta property=\"og:locale\" content=\"en_US\" \/>\n<meta property=\"og:type\" content=\"article\" \/>\n<meta property=\"og:title\" content=\"Acondicionamiento Mental - Executive Coach\" \/>\n<meta property=\"og:description\" content=\"Con el programa de Mental Fitness podr\u00e1s estar mejor preparada(o) para responder de forma positiva a las diferentes situaciones y retos de la vida\" \/>\n<meta property=\"og:url\" content=\"https:\/\/executivecoach.com.mx\/en\/acondicionamiento-mental\/\" \/>\n<meta property=\"og:site_name\" content=\"Executive Coach\" \/>\n<meta property=\"article:modified_time\" content=\"2025-01-28T02:02:50+00:00\" \/>\n<meta property=\"og:image\" content=\"https:\/\/executivecoach.com.mx\/wp-content\/uploads\/2023\/02\/Imagen-9-BIG-e1698789529234.png\" \/>\n\t<meta property=\"og:image:width\" content=\"274\" \/>\n\t<meta property=\"og:image:height\" content=\"370\" \/>\n\t<meta property=\"og:image:type\" content=\"image\/png\" \/>\n<meta name=\"twitter:card\" content=\"summary_large_image\" \/>\n<meta name=\"twitter:title\" content=\"Acondicionamiento Mental - Executive Coach\" \/>\n<meta name=\"twitter:description\" content=\"Con el programa de Mental Fitness podr\u00e1s estar mejor preparada(o) para responder de forma positiva a las diferentes situaciones y retos de la vida\" \/>\n<meta name=\"twitter:image\" content=\"https:\/\/executivecoach.com.mx\/wp-content\/uploads\/2023\/02\/Imagen-9-BIG-e1698789529234.png\" \/>\n<meta name=\"twitter:label1\" content=\"Est. reading time\" \/>\n\t<meta name=\"twitter:data1\" content=\"2 minutes\" \/>\n<script type=\"application\/ld+json\" class=\"yoast-schema-graph\">{\"@context\":\"https:\\\/\\\/schema.org\",\"@graph\":[{\"@type\":\"WebPage\",\"@id\":\"https:\\\/\\\/executivecoach.com.mx\\\/acondicionamiento-mental\\\/\",\"url\":\"https:\\\/\\\/executivecoach.com.mx\\\/acondicionamiento-mental\\\/\",\"name\":\"Acondicionamiento Mental - Executive Coach\",\"isPartOf\":{\"@id\":\"https:\\\/\\\/executivecoach.com.mx\\\/en\\\/#website\"},\"datePublished\":\"2023-01-23T05:41:10+00:00\",\"dateModified\":\"2025-01-28T02:02:50+00:00\",\"description\":\"Con Mental Fitness fortalecer\u00e1s tu capacidad para responder positivamente y no negativa a los retos que te enfrentes\",\"breadcrumb\":{\"@id\":\"https:\\\/\\\/executivecoach.com.mx\\\/acondicionamiento-mental\\\/#breadcrumb\"},\"inLanguage\":\"en-US\",\"potentialAction\":[{\"@type\":\"ReadAction\",\"target\":[\"https:\\\/\\\/executivecoach.com.mx\\\/acondicionamiento-mental\\\/\"]}]},{\"@type\":\"BreadcrumbList\",\"@id\":\"https:\\\/\\\/executivecoach.com.mx\\\/acondicionamiento-mental\\\/#breadcrumb\",\"itemListElement\":[{\"@type\":\"ListItem\",\"position\":1,\"name\":\"Portada\",\"item\":\"https:\\\/\\\/executivecoach.com.mx\\\/\"},{\"@type\":\"ListItem\",\"position\":2,\"name\":\"Acondicionamiento Mental\"}]},{\"@type\":\"WebSite\",\"@id\":\"https:\\\/\\\/executivecoach.com.mx\\\/en\\\/#website\",\"url\":\"https:\\\/\\\/executivecoach.com.mx\\\/en\\\/\",\"name\":\"Executive Coach\",\"description\":\"Coach Ejecutivo\",\"publisher\":{\"@id\":\"https:\\\/\\\/executivecoach.com.mx\\\/en\\\/#\\\/schema\\\/person\\\/9cb67327ca9d964fca52b3b6c9ae3391\"},\"potentialAction\":[{\"@type\":\"SearchAction\",\"target\":{\"@type\":\"EntryPoint\",\"urlTemplate\":\"https:\\\/\\\/executivecoach.com.mx\\\/en\\\/?s={search_term_string}\"},\"query-input\":{\"@type\":\"PropertyValueSpecification\",\"valueRequired\":true,\"valueName\":\"search_term_string\"}}],\"inLanguage\":\"en-US\"},{\"@type\":[\"Person\",\"Organization\"],\"@id\":\"https:\\\/\\\/executivecoach.com.mx\\\/en\\\/#\\\/schema\\\/person\\\/9cb67327ca9d964fca52b3b6c9ae3391\",\"name\":\"Salvador Holgu\u00edn\",\"image\":{\"@type\":\"ImageObject\",\"inLanguage\":\"en-US\",\"@id\":\"https:\\\/\\\/executivecoach.com.mx\\\/wp-content\\\/uploads\\\/2022\\\/05\\\/cropped-LogoFinal.png\",\"url\":\"https:\\\/\\\/executivecoach.com.mx\\\/wp-content\\\/uploads\\\/2022\\\/05\\\/cropped-LogoFinal.png\",\"contentUrl\":\"https:\\\/\\\/executivecoach.com.mx\\\/wp-content\\\/uploads\\\/2022\\\/05\\\/cropped-LogoFinal.png\",\"width\":177,\"height\":43,\"caption\":\"Salvador Holgu\u00edn\"},\"logo\":{\"@id\":\"https:\\\/\\\/executivecoach.com.mx\\\/wp-content\\\/uploads\\\/2022\\\/05\\\/cropped-LogoFinal.png\"},\"description\":\"Salvador Holgu\u00edn es un Mental Fitness Coach para Ejecutivas (os) con una gran capacidad para conectar con sus clientes. Salvador, es graduado de Ingenier\u00eda Industrial por el Instituto Tecnol\u00f3gico de Chihuahua y cuenta con experiencias diversas en la industria automotriz, instituciones financieras, y compa\u00f1\u00edas de tecnolog\u00eda. A lo largo de su trayectoria profesional, ha tenido la oportunidad de trabajar en M\u00e9xico y varios otros mercados como Estados Unidos, Europa, y Sudam\u00e9rica. Y por d\u00e9cadas ha servido como ejecutivo de recursos humanos en una de las industrias m\u00e1s desafiantes, la automotriz. Hoy d\u00eda, Salvador est\u00e1 colaborando con varias empresas como socio estrat\u00e9gico y asesor de desarrollo de talento. De los principales intereses de Salvador siempre ha sido el identificar el talento en las personas y ayudarles a maximizar su potencial y contribuciones para la organizaci\u00f3n. En los \u00faltimos a\u00f1os ha lanzado un programa muy exitoso de Coaching para Ejecutivas y Ejecutivos con el objetivo de apoyar a sus clientes a alcanzar la mejor versi\u00f3n de s\u00ed mismos en el \u00e1mbito personal y\\\/o profesional. Salvador vive en M\u00e9xico desde principios del 2021 junto con su familia, es apasionado del futbol soccer y con gustos musicales muy ecl\u00e9cticos.\",\"sameAs\":[\"https:\\\/\\\/executivecoach.com.mx\\\/\",\"https:\\\/\\\/www.linkedin.com\\\/company\\\/holguin-executive-coaching-consulting\\\/\"]}]}<\/script>\n<!-- \/ Yoast SEO plugin. -->","yoast_head_json":{"title":"Acondicionamiento Mental - Executive Coach","description":"Con Mental Fitness fortalecer\u00e1s tu capacidad para responder positivamente y no negativa a los retos que te enfrentes","robots":{"index":"index","follow":"follow","max-snippet":"max-snippet:-1","max-image-preview":"max-image-preview:large","max-video-preview":"max-video-preview:-1"},"canonical":"https:\/\/executivecoach.com.mx\/en\/acondicionamiento-mental\/","og_locale":"en_US","og_type":"article","og_title":"Acondicionamiento Mental - Executive Coach","og_description":"Con el programa de Mental Fitness podr\u00e1s estar mejor preparada(o) para responder de forma positiva a las diferentes situaciones y retos de la vida","og_url":"https:\/\/executivecoach.com.mx\/en\/acondicionamiento-mental\/","og_site_name":"Executive Coach","article_modified_time":"2025-01-28T02:02:50+00:00","og_image":[{"width":274,"height":370,"url":"https:\/\/executivecoach.com.mx\/wp-content\/uploads\/2023\/02\/Imagen-9-BIG-e1698789529234.png","type":"image\/png"}],"twitter_card":"summary_large_image","twitter_title":"Acondicionamiento Mental - Executive Coach","twitter_description":"Con el programa de Mental Fitness podr\u00e1s estar mejor preparada(o) para responder de forma positiva a las diferentes situaciones y retos de la vida","twitter_image":"https:\/\/executivecoach.com.mx\/wp-content\/uploads\/2023\/02\/Imagen-9-BIG-e1698789529234.png","twitter_misc":{"Est. reading time":"2 minutes"},"schema":{"@context":"https:\/\/schema.org","@graph":[{"@type":"WebPage","@id":"https:\/\/executivecoach.com.mx\/acondicionamiento-mental\/","url":"https:\/\/executivecoach.com.mx\/acondicionamiento-mental\/","name":"Acondicionamiento Mental - Executive Coach","isPartOf":{"@id":"https:\/\/executivecoach.com.mx\/en\/#website"},"datePublished":"2023-01-23T05:41:10+00:00","dateModified":"2025-01-28T02:02:50+00:00","description":"Con Mental Fitness fortalecer\u00e1s tu capacidad para responder positivamente y no negativa a los retos que te enfrentes","breadcrumb":{"@id":"https:\/\/executivecoach.com.mx\/acondicionamiento-mental\/#breadcrumb"},"inLanguage":"en-US","potentialAction":[{"@type":"ReadAction","target":["https:\/\/executivecoach.com.mx\/acondicionamiento-mental\/"]}]},{"@type":"BreadcrumbList","@id":"https:\/\/executivecoach.com.mx\/acondicionamiento-mental\/#breadcrumb","itemListElement":[{"@type":"ListItem","position":1,"name":"Portada","item":"https:\/\/executivecoach.com.mx\/"},{"@type":"ListItem","position":2,"name":"Acondicionamiento Mental"}]},{"@type":"WebSite","@id":"https:\/\/executivecoach.com.mx\/en\/#website","url":"https:\/\/executivecoach.com.mx\/en\/","name":"Executive Coach","description":"Coach Ejecutivo","publisher":{"@id":"https:\/\/executivecoach.com.mx\/en\/#\/schema\/person\/9cb67327ca9d964fca52b3b6c9ae3391"},"potentialAction":[{"@type":"SearchAction","target":{"@type":"EntryPoint","urlTemplate":"https:\/\/executivecoach.com.mx\/en\/?s={search_term_string}"},"query-input":{"@type":"PropertyValueSpecification","valueRequired":true,"valueName":"search_term_string"}}],"inLanguage":"en-US"},{"@type":["Person","Organization"],"@id":"https:\/\/executivecoach.com.mx\/en\/#\/schema\/person\/9cb67327ca9d964fca52b3b6c9ae3391","name":"Salvador Holgu\u00edn","image":{"@type":"ImageObject","inLanguage":"en-US","@id":"https:\/\/executivecoach.com.mx\/wp-content\/uploads\/2022\/05\/cropped-LogoFinal.png","url":"https:\/\/executivecoach.com.mx\/wp-content\/uploads\/2022\/05\/cropped-LogoFinal.png","contentUrl":"https:\/\/executivecoach.com.mx\/wp-content\/uploads\/2022\/05\/cropped-LogoFinal.png","width":177,"height":43,"caption":"Salvador Holgu\u00edn"},"logo":{"@id":"https:\/\/executivecoach.com.mx\/wp-content\/uploads\/2022\/05\/cropped-LogoFinal.png"},"description":"Salvador Holgu\u00edn es un Mental Fitness Coach para Ejecutivas (os) con una gran capacidad para conectar con sus clientes. Salvador, es graduado de Ingenier\u00eda Industrial por el Instituto Tecnol\u00f3gico de Chihuahua y cuenta con experiencias diversas en la industria automotriz, instituciones financieras, y compa\u00f1\u00edas de tecnolog\u00eda. A lo largo de su trayectoria profesional, ha tenido la oportunidad de trabajar en M\u00e9xico y varios otros mercados como Estados Unidos, Europa, y Sudam\u00e9rica. Y por d\u00e9cadas ha servido como ejecutivo de recursos humanos en una de las industrias m\u00e1s desafiantes, la automotriz. Hoy d\u00eda, Salvador est\u00e1 colaborando con varias empresas como socio estrat\u00e9gico y asesor de desarrollo de talento. De los principales intereses de Salvador siempre ha sido el identificar el talento en las personas y ayudarles a maximizar su potencial y contribuciones para la organizaci\u00f3n. En los \u00faltimos a\u00f1os ha lanzado un programa muy exitoso de Coaching para Ejecutivas y Ejecutivos con el objetivo de apoyar a sus clientes a alcanzar la mejor versi\u00f3n de s\u00ed mismos en el \u00e1mbito personal y\/o profesional. Salvador vive en M\u00e9xico desde principios del 2021 junto con su familia, es apasionado del futbol soccer y con gustos musicales muy ecl\u00e9cticos.","sameAs":["https:\/\/executivecoach.com.mx\/","https:\/\/www.linkedin.com\/company\/holguin-executive-coaching-consulting\/"]}]}},"_links":{"self":[{"href":"https:\/\/executivecoach.com.mx\/en\/wp-json\/wp\/v2\/pages\/958","targetHints":{"allow":["GET"]}}],"collection":[{"href":"https:\/\/executivecoach.com.mx\/en\/wp-json\/wp\/v2\/pages"}],"about":[{"href":"https:\/\/executivecoach.com.mx\/en\/wp-json\/wp\/v2\/types\/page"}],"author":[{"embeddable":true,"href":"https:\/\/executivecoach.com.mx\/en\/wp-json\/wp\/v2\/users\/1"}],"replies":[{"embeddable":true,"href":"https:\/\/executivecoach.com.mx\/en\/wp-json\/wp\/v2\/comments?post=958"}],"version-history":[{"count":0,"href":"https:\/\/executivecoach.com.mx\/en\/wp-json\/wp\/v2\/pages\/958\/revisions"}],"wp:attachment":[{"href":"https:\/\/executivecoach.com.mx\/en\/wp-json\/wp\/v2\/media?parent=958"}],"curies":[{"name":"wp","href":"https:\/\/api.w.org\/{rel}","templated":true}]}}